{"id":99,"date":"2024-08-22T16:26:59","date_gmt":"2024-08-22T16:26:59","guid":{"rendered":"https:\/\/manoletelucas.es\/?page_id=99"},"modified":"2024-09-06T14:55:39","modified_gmt":"2024-09-06T14:55:39","slug":"biografia","status":"publish","type":"page","link":"https:\/\/manoletelucas.es\/index.php\/biografia\/","title":{"rendered":"Biograf\u00eda"},"content":{"rendered":"<p>[et_pb_section fb_built=&#8221;1&#8243; admin_label=&#8221;Header&#8221; _builder_version=&#8221;4.20.0&#8243; _module_preset=&#8221;default&#8221; collapsed=&#8221;on&#8221; global_colors_info=&#8221;{}&#8221;][et_pb_row _builder_version=&#8221;4.20.0&#8243; _module_preset=&#8221;default&#8221; global_colors_info=&#8221;{}&#8221;][et_pb_column type=&#8221;4_4&#8243; _builder_version=&#8221;4.20.0&#8243; _module_preset=&#8221;default&#8221; global_colors_info=&#8221;{}&#8221;][et_pb_text _builder_version=&#8221;4.20.0&#8243; _module_preset=&#8221;9689b3be-5126-488b-9666-e7d28e9beb1b&#8221; text_orientation=&#8221;center&#8221; global_colors_info=&#8221;{}&#8221;]<\/p>\n<h1>BIOGRAF\u00cdA<\/h1>\n<p>[\/et_pb_text][\/et_pb_column][\/et_pb_row][et_pb_row custom_padding_last_edited=&#8221;on|tablet&#8221; _builder_version=&#8221;4.20.0&#8243; _module_preset=&#8221;default&#8221; background_color=&#8221;#000000&#8243; custom_padding=&#8221;80px|80px|80px|80px|true|true&#8221; custom_padding_tablet=&#8221;40px|40px|40px|40px|true|true&#8221; custom_padding_phone=&#8221;20px|20px|20px|20px|true|true&#8221; global_colors_info=&#8221;{}&#8221;][et_pb_column type=&#8221;4_4&#8243; _builder_version=&#8221;4.20.0&#8243; _module_preset=&#8221;default&#8221; global_colors_info=&#8221;{}&#8221;][et_pb_image src=&#8221;https:\/\/manoletelucas.es\/wp-content\/uploads\/2024\/08\/Papa-Ath-Bilbao.jpg&#8221; title_text=&#8221;Papa Ath Bilbao&#8221; _builder_version=&#8221;4.27.0&#8243; _module_preset=&#8221;default&#8221; global_colors_info=&#8221;{}&#8221;][\/et_pb_image][et_pb_text _builder_version=&#8221;4.27.0&#8243; _module_preset=&#8221;47174e6e-9235-480c-9069-1c47659c28f6&#8243; text_text_color=&#8221;#FFFFFF&#8221; header_2_text_color=&#8221;#a8a8a8&#8243; hover_enabled=&#8221;0&#8243; global_colors_info=&#8221;{}&#8221; text_font=&#8221;Gelasio||||||||&#8221; sticky_enabled=&#8221;0&#8243;]<\/p>\n<h2><em>EDUCACI\u00d3N Y CARRERA DOCENTE<\/em><\/h2>\n<p>Estudi\u00f3 magisterio y de 1965 a 1975 fue maestro de la escuela unitaria de ni\u00f1os<br \/>de la Eralta.<\/p>\n<p>De 1975 a 2005 ejerci\u00f3 de maestro en el C.P. Canales y Mart\u00ednez,<br \/>desempe\u00f1ando los cargos de subdirector, jefe de departamento de lengua, jefe<br \/>de estudios y director.<\/p>\n<p>[\/et_pb_text][\/et_pb_column][\/et_pb_row][et_pb_row custom_padding_last_edited=&#8221;on|tablet&#8221; _builder_version=&#8221;4.27.0&#8243; _module_preset=&#8221;default&#8221; background_color=&#8221;#FFFFFF&#8221; custom_padding=&#8221;80px|80px|80px|80px|true|true&#8221; custom_padding_tablet=&#8221;40px|40px|40px|40px|true|true&#8221; custom_padding_phone=&#8221;20px|20px|20px|20px|true|true&#8221; hover_enabled=&#8221;0&#8243; global_colors_info=&#8221;{}&#8221; sticky_enabled=&#8221;0&#8243;][et_pb_column type=&#8221;4_4&#8243; _builder_version=&#8221;4.20.0&#8243; _module_preset=&#8221;default&#8221; global_colors_info=&#8221;{}&#8221;][et_pb_image src=&#8221;https:\/\/manoletelucas.es\/wp-content\/uploads\/2024\/09\/Los-diabolicos-1.jpg&#8221; title_text=&#8221;Los diab\u00f3licos 1&#8243; _builder_version=&#8221;4.27.0&#8243; _module_preset=&#8221;default&#8221; hover_enabled=&#8221;0&#8243; global_colors_info=&#8221;{}&#8221; alt=&#8221;Los diab\u00f3licos 1&#8243; sticky_enabled=&#8221;0&#8243;][\/et_pb_image][et_pb_text _builder_version=&#8221;4.27.0&#8243; _module_preset=&#8221;47174e6e-9235-480c-9069-1c47659c28f6&#8243; text_text_color=&#8221;#000000&#8243; header_2_text_color=&#8221;#a8a8a8&#8243; hover_enabled=&#8221;0&#8243; global_colors_info=&#8221;{}&#8221; sticky_enabled=&#8221;0&#8243; custom_padding=&#8221;0px|||||&#8221; text_font=&#8221;Gelasio||||||||&#8221;]<\/p>\n<h2><em>FACETA COMO PINTOR&#8230;<\/em><\/h2>\n<p>\u2022 Realiz\u00f3 varias exposiciones individuales y colectivas.<br \/>\u2022 Ilustr\u00f3 varios libros.<br \/>\u2022 Cre\u00f3 los carteles de los Moros y Cristianos en cinco ediciones, as\u00ed como el<br \/>conmemorativo de los XXV a\u00f1os de estas fiestas.<br \/>\u2022 Dirigi\u00f3 los trabajos art\u00edsticos sobre Almorad\u00ed expuestos en Walsall, Inglaterra, en<br \/>1982.<br \/>\u2022 Autor de la portada de numerosos folletos de tipo pol\u00edtico, festivo, comercial y<br \/>social.<\/p>\n<p>[\/et_pb_text][\/et_pb_column][\/et_pb_row][et_pb_row custom_padding_last_edited=&#8221;on|tablet&#8221; _builder_version=&#8221;4.20.0&#8243; _module_preset=&#8221;default&#8221; background_color=&#8221;#000000&#8243; custom_padding=&#8221;80px|80px|80px|80px|true|true&#8221; custom_padding_tablet=&#8221;40px|40px|40px|40px|true|true&#8221; custom_padding_phone=&#8221;20px|20px|20px|20px|true|true&#8221; global_colors_info=&#8221;{}&#8221;][et_pb_column type=&#8221;4_4&#8243; _builder_version=&#8221;4.20.0&#8243; _module_preset=&#8221;default&#8221; global_colors_info=&#8221;{}&#8221;][et_pb_image src=&#8221;https:\/\/manoletelucas.es\/wp-content\/uploads\/2024\/09\/Mili.jpg&#8221; title_text=&#8221;Mili&#8221; _builder_version=&#8221;4.27.0&#8243; _module_preset=&#8221;default&#8221; hover_enabled=&#8221;0&#8243; global_colors_info=&#8221;{}&#8221; alt=&#8221;Mili&#8221; sticky_enabled=&#8221;0&#8243;][\/et_pb_image][et_pb_text _builder_version=&#8221;4.27.0&#8243; _module_preset=&#8221;47174e6e-9235-480c-9069-1c47659c28f6&#8243; text_text_color=&#8221;#FFFFFF&#8221; header_2_text_color=&#8221;#a8a8a8&#8243; hover_enabled=&#8221;0&#8243; global_colors_info=&#8221;{}&#8221; text_font=&#8221;Gelasio||||||||&#8221; sticky_enabled=&#8221;0&#8243;]<\/p>\n<h2><em>FACETA COMO ESCRITOR<\/em><\/h2>\n<p>Faceta como Escritor:<br \/>\u2022 Fue corresponsal del diario \u201cInformaci\u00f3n\u201d (1971-72).<br \/>\u2022 Escribi\u00f3 el guion dialogado del auto sacramental \u201cEl Mes\u00edas\u201d.<br \/>\u2022 Autor de varias obras de teatro.<br \/>\u2022 Escribi\u00f3 la novela \u201cLos caminos rotos\u201d (in\u00e9dita), el libro \u201cAlmorad\u00ed, recuerdos de<br \/>mi pueblo\u201d y el cuento \u201cDenvo y el arco iris\u201d.<br \/>\u2022 Escribi\u00f3 en 21 ocasiones la embajada del barril.<br \/>Publicaciones:<br \/>\u2022 Su nombre aparece en diversas publicaciones como \u201cTeatro de b\u00fasqueda y<br \/>encuentro\u201d de Jesucristo Riquelme y Carlos R. Talam\u00e1s, \u201cAmari\u00f3n\u201d del grupo de<br \/>teatro \u201cAmari\u00f3n\u201d, \u201cUnas botas para Javier\u201d de Encarnaci\u00f3n P\u00e9rez, entre otras.<br \/>Actividades Relacionadas con Teatro y M\u00fasica:<br \/>\u2022 Durante diez a\u00f1os dirigi\u00f3 al grupo del Prendimiento en \u201cEl Mes\u00edas\u201d.<br \/>\u2022 Dirigi\u00f3 al grupo de teatro \u201cTerapia de grupo\u201d.<br \/>\u2022 Perteneci\u00f3 al conjunto musical de los 60 \u201cLos Diab\u00f3licos\u201d.<br \/>\u2022 Autor del villancico \u201cYa es Navidad\u201d.<br \/>\u2022 Escribi\u00f3 la letra del himno del club balonmano con m\u00fasica del maestro Manuel<br \/>Ruiz.<br \/>\u2022 Autor de la letra del himno a Almorad\u00ed con m\u00fasica del maestro Antonio Carrillo,<br \/>premio nacional de m\u00fasica festera (in\u00e9dito).<br \/>\u2022 Escribi\u00f3 la letra del himno a Almorad\u00ed con m\u00fasica de Anto\u00f1ita Alhama,<br \/>profesora de piano (in\u00e9dito).<\/p>\n<p>[\/et_pb_text][\/et_pb_column][\/et_pb_row][et_pb_row custom_padding_last_edited=&#8221;on|tablet&#8221; _builder_version=&#8221;4.27.0&#8243; _module_preset=&#8221;default&#8221; background_color=&#8221;#FFFFFF&#8221; custom_padding=&#8221;80px|80px|80px|80px|true|true&#8221; custom_padding_tablet=&#8221;40px|40px|40px|40px|true|true&#8221; custom_padding_phone=&#8221;20px|20px|20px|20px|true|true&#8221; hover_enabled=&#8221;0&#8243; global_colors_info=&#8221;{}&#8221; sticky_enabled=&#8221;0&#8243;][et_pb_column type=&#8221;4_4&#8243; _builder_version=&#8221;4.20.0&#8243; _module_preset=&#8221;default&#8221; global_colors_info=&#8221;{}&#8221;][et_pb_gallery _builder_version=&#8221;4.27.0&#8243; _module_preset=&#8221;default&#8221; gallery_ids=&#8221;258,257,256,255,251&#8243; fullwidth=&#8221;on&#8221; hover_enabled=&#8221;0&#8243; sticky_enabled=&#8221;0&#8243;][\/et_pb_gallery][et_pb_text _builder_version=&#8221;4.27.0&#8243; _module_preset=&#8221;47174e6e-9235-480c-9069-1c47659c28f6&#8243; text_text_color=&#8221;#000000&#8243; header_2_text_color=&#8221;#a8a8a8&#8243; hover_enabled=&#8221;0&#8243; global_colors_info=&#8221;{}&#8221; sticky_enabled=&#8221;0&#8243; custom_padding=&#8221;0px|||||&#8221; text_font=&#8221;Gelasio||||||||&#8221;]<\/p>\n<h2><em>EN ALMORAD\u00cd, SU PUEBLO&#8230;<\/em><\/h2>\n<p>\u2022 Medalla al m\u00e9rito cultural 2024<br \/>\u2022 Construy\u00f3 el bel\u00e9n municipal durante varios a\u00f1os.<br \/>\u2022 Construy\u00f3 las carrozas y organiz\u00f3 la cabalgata de Reyes durante varios a\u00f1os.<br \/>\u2022 Cre\u00f3 el festival infantil de la canci\u00f3n de la Vega Baja.<br \/>\u2022 Particip\u00f3 en los inicios del balonmano y voleibol de Almorad\u00ed.<br \/>\u2022 Colaborador de la \u201cI Semana de la Alcachofa\u201d.<br \/>\u2022 Realiz\u00f3 las carrozas y dirigi\u00f3 la cabalgata de feria de 1968.<br \/>\u2022 Organiz\u00f3 \u201cLas noches de los talentos\u201d a beneficio de C\u00e1ritas.<br \/>\u2022 Coautor del eslogan \u201cAlmorad\u00ed se\u00f1or\u00edo de la huerta y joyero de la alcachofa\u201d<br \/>junto con Don Daniel Miller.<br \/>\u2022 Autor de los dibujos del escudo actual de Almorad\u00ed.<br \/>\u2022 Dirigi\u00f3 el bel\u00e9n viviente representado por miembros de la tercera edad.<br \/>Reconocimientos y Membres\u00edas:<br \/>\u2022 Pregonero de los Moros y Cristianos de Almorad\u00ed (2000), Tercera Edad (2008),<br \/>fiestas de San Ferm\u00edn de la Eralta (en dos ocasiones) y Semana Santa (2013).<br \/>\u2022 Hermano Mayor de la Cofrad\u00eda del Sant\u00edsimo Cristo de las Campanas (2010).<br \/>\u2022 Invitado de honor de la Asociaci\u00f3n Cultural Palco de la \u00d3pera (2015).<br \/>\u2022 Miembro de la comisi\u00f3n asesora del X aniversario de la rehabilitaci\u00f3n del Teatro<br \/>Cort\u00e9s.<br \/>\u2022 Miembro de la junta directiva de la Sociedad Deportivo Cultural de Almorad\u00ed.<br \/>\u2022 Miembro del comit\u00e9 organizador de las tres primeras olimpiadas escolares.<br \/>\u2022 Cofundador de las fiestas de San Ferm\u00edn.<br \/>Distinciones:<br \/>\u2022 Insignia de oro de la Hermandad del Sant\u00edsimo Cristo de las Campanas.<br \/>\u2022 Insignia de plata (en dos ocasiones) de la Junta Central Festera de Moros y<br \/>Cristianos de Almorad\u00ed.<br \/>\u2022 Insignia de plata del Club Balonmano de Almorad\u00ed.<br \/>\u2022 Insignia de oro de la ense\u00f1anza otorgada por los vecinos de la Eralta por<br \/>suscripci\u00f3n popular.<\/p>\n<p>[\/et_pb_text][\/et_pb_column][\/et_pb_row][\/et_pb_section][et_pb_section fb_built=&#8221;1&#8243; admin_label=&#8221;Testimonials&#8221; _builder_version=&#8221;4.20.0&#8243; _module_preset=&#8221;default&#8221; collapsed=&#8221;on&#8221; global_colors_info=&#8221;{}&#8221;][et_pb_row _builder_version=&#8221;4.20.0&#8243; _module_preset=&#8221;default&#8221; global_colors_info=&#8221;{}&#8221;][et_pb_column type=&#8221;4_4&#8243; _builder_version=&#8221;4.20.0&#8243; _module_preset=&#8221;default&#8221; global_colors_info=&#8221;{}&#8221;][et_pb_icon font_icon=&#8221;&#xf10d;||fa||900&#8243; icon_color=&#8221;#000000&#8243; icon_width=&#8221;56px&#8221; _builder_version=&#8221;4.20.0&#8243; _module_preset=&#8221;default&#8221; global_colors_info=&#8221;{}&#8221;][\/et_pb_icon][et_pb_slider _builder_version=&#8221;4.20.0&#8243; _module_preset=&#8221;a9deb096-1b4e-4f04-b7b4-ae4078d0f2e1&#8243; border_width_top=&#8221;1px&#8221; locked=&#8221;off&#8221; global_colors_info=&#8221;{%22gcid-8b50368a-c64a-42be-b110-e2137ab417d1%22:%91%22header_text_color%22%93}&#8221;][et_pb_slide heading=&#8221;Kason Espinosa&#8221; _builder_version=&#8221;4.20.0&#8243; _module_preset=&#8221;default&#8221; locked=&#8221;off&#8221; global_colors_info=&#8221;{}&#8221; sticky_transition=&#8221;on&#8221;]&#8221;Lorem ipsum dolor sit amet, consectetur adipiscing elit. Donec sed finibus nisi, sed dictum eros. Quisque aliquet velit sit amet sem interdum faucibus. In feugiat aliquet mollis. Etiam tincidunt ligula ut hendrerit semper. Quisque luctus lectus non turpis bibendum posuere. Morbi tortor nibh, fringilla sed pretium sit amet, pharetra non ex. Fusce vel egestas nisl.&#8221;[\/et_pb_slide][et_pb_slide heading=&#8221;William Haines&#8221; _builder_version=&#8221;4.20.0&#8243; _module_preset=&#8221;default&#8221; locked=&#8221;off&#8221; global_colors_info=&#8221;{}&#8221; sticky_transition=&#8221;on&#8221;]&#8221;Curabitur fermentum nulla non justo aliquet, quis vehicula quam consequat. Duis ut hendrerit tellus, elementum lacinia elit. Maecenas at consectetur ex, vitae consequat augue. Vivamus eget dolor vel quam condimentum sodales. In bibendum odio urna, sit amet fermentum purus venenatis amet.&#8221;[\/et_pb_slide][et_pb_slide heading=&#8221;Renesmee Thomas&#8221; _builder_version=&#8221;4.20.0&#8243; _module_preset=&#8221;default&#8221; locked=&#8221;off&#8221; global_colors_info=&#8221;{}&#8221; sticky_transition=&#8221;on&#8221;]&#8221;Suspendisse sagittis lorem accumsan convallis pharetra. Praesent ex ante, placerat quis purus a, tempor consectetur lorem. Integer accumsan pharetra orci nec tempor. Quisque mollis vel enim a facilisis. Aliquam ornare nunc nibh, sit amet porta diam pretium in. Cras et velit faucibus, dignissim tellus at.&#8221;[\/et_pb_slide][\/et_pb_slider][\/et_pb_column][\/et_pb_row][\/et_pb_section][et_pb_section fb_built=&#8221;1&#8243; admin_label=&#8221;Footer&#8221; _builder_version=&#8221;4.20.0&#8243; _module_preset=&#8221;default&#8221; background_color=&#8221;#000000&#8243; saved_tabs=&#8221;all&#8221; collapsed=&#8221;on&#8221; global_colors_info=&#8221;{}&#8221;][et_pb_row _builder_version=&#8221;4.20.0&#8243; _module_preset=&#8221;default&#8221; global_colors_info=&#8221;{}&#8221;][et_pb_column type=&#8221;4_4&#8243; _builder_version=&#8221;4.20.0&#8243; _module_preset=&#8221;default&#8221; global_colors_info=&#8221;{}&#8221;][et_pb_text _builder_version=&#8221;4.20.0&#8243; _module_preset=&#8221;ecb56c5b-3a9a-4551-9280-b44b0a29f987&#8243; header_2_text_color=&#8221;#FFFFFF&#8221; text_orientation=&#8221;center&#8221; global_colors_info=&#8221;{}&#8221;]<\/p>\n<h2>Let\u2019s make something amazing together<\/h2>\n<p>[\/et_pb_text][et_pb_contact_form captcha=&#8221;off&#8221; _builder_version=&#8221;4.20.0&#8243; _module_preset=&#8221;54b979ca-ed0a-4e8c-b8c6-a2c17db7fb5a&#8221; max_width=&#8221;700px&#8221; module_alignment=&#8221;center&#8221; locked=&#8221;off&#8221; global_colors_info=&#8221;{}&#8221;][et_pb_contact_field field_id=&#8221;Name&#8221; field_title=&#8221;Name&#8221; fullwidth_field=&#8221;on&#8221; _builder_version=&#8221;4.16&#8243; _module_preset=&#8221;default&#8221; global_colors_info=&#8221;{}&#8221; button_text_size__hover_enabled=&#8221;off&#8221; button_one_text_size__hover_enabled=&#8221;off&#8221; button_two_text_size__hover_enabled=&#8221;off&#8221; button_text_color__hover_enabled=&#8221;off&#8221; button_one_text_color__hover_enabled=&#8221;off&#8221; button_two_text_color__hover_enabled=&#8221;off&#8221; button_border_width__hover_enabled=&#8221;off&#8221; button_one_border_width__hover_enabled=&#8221;off&#8221; button_two_border_width__hover_enabled=&#8221;off&#8221; button_border_color__hover_enabled=&#8221;off&#8221; button_one_border_color__hover_enabled=&#8221;off&#8221; button_two_border_color__hover_enabled=&#8221;off&#8221; button_border_radius__hover_enabled=&#8221;off&#8221; button_one_border_radius__hover_enabled=&#8221;off&#8221; button_two_border_radius__hover_enabled=&#8221;off&#8221; button_letter_spacing__hover_enabled=&#8221;off&#8221; button_one_letter_spacing__hover_enabled=&#8221;off&#8221; button_two_letter_spacing__hover_enabled=&#8221;off&#8221; button_bg_color__hover_enabled=&#8221;off&#8221; button_one_bg_color__hover_enabled=&#8221;off&#8221; button_two_bg_color__hover_enabled=&#8221;off&#8221;][\/et_pb_contact_field][et_pb_contact_field field_id=&#8221;Email&#8221; field_title=&#8221;Email Address&#8221; field_type=&#8221;email&#8221; fullwidth_field=&#8221;on&#8221; _builder_version=&#8221;4.16&#8243; _module_preset=&#8221;default&#8221; global_colors_info=&#8221;{}&#8221; button_text_size__hover_enabled=&#8221;off&#8221; button_one_text_size__hover_enabled=&#8221;off&#8221; button_two_text_size__hover_enabled=&#8221;off&#8221; button_text_color__hover_enabled=&#8221;off&#8221; button_one_text_color__hover_enabled=&#8221;off&#8221; button_two_text_color__hover_enabled=&#8221;off&#8221; button_border_width__hover_enabled=&#8221;off&#8221; button_one_border_width__hover_enabled=&#8221;off&#8221; button_two_border_width__hover_enabled=&#8221;off&#8221; button_border_color__hover_enabled=&#8221;off&#8221; button_one_border_color__hover_enabled=&#8221;off&#8221; button_two_border_color__hover_enabled=&#8221;off&#8221; button_border_radius__hover_enabled=&#8221;off&#8221; button_one_border_radius__hover_enabled=&#8221;off&#8221; button_two_border_radius__hover_enabled=&#8221;off&#8221; button_letter_spacing__hover_enabled=&#8221;off&#8221; button_one_letter_spacing__hover_enabled=&#8221;off&#8221; button_two_letter_spacing__hover_enabled=&#8221;off&#8221; button_bg_color__hover_enabled=&#8221;off&#8221; button_one_bg_color__hover_enabled=&#8221;off&#8221; button_two_bg_color__hover_enabled=&#8221;off&#8221;][\/et_pb_contact_field][et_pb_contact_field field_id=&#8221;Message&#8221; field_title=&#8221;Message&#8221; field_type=&#8221;text&#8221; fullwidth_field=&#8221;on&#8221; _builder_version=&#8221;4.16&#8243; _module_preset=&#8221;default&#8221; global_colors_info=&#8221;{}&#8221; button_text_size__hover_enabled=&#8221;off&#8221; button_one_text_size__hover_enabled=&#8221;off&#8221; button_two_text_size__hover_enabled=&#8221;off&#8221; button_text_color__hover_enabled=&#8221;off&#8221; button_one_text_color__hover_enabled=&#8221;off&#8221; button_two_text_color__hover_enabled=&#8221;off&#8221; button_border_width__hover_enabled=&#8221;off&#8221; button_one_border_width__hover_enabled=&#8221;off&#8221; button_two_border_width__hover_enabled=&#8221;off&#8221; button_border_color__hover_enabled=&#8221;off&#8221; button_one_border_color__hover_enabled=&#8221;off&#8221; button_two_border_color__hover_enabled=&#8221;off&#8221; button_border_radius__hover_enabled=&#8221;off&#8221; button_one_border_radius__hover_enabled=&#8221;off&#8221; button_two_border_radius__hover_enabled=&#8221;off&#8221; button_letter_spacing__hover_enabled=&#8221;off&#8221; button_one_letter_spacing__hover_enabled=&#8221;off&#8221; button_two_letter_spacing__hover_enabled=&#8221;off&#8221; button_bg_color__hover_enabled=&#8221;off&#8221; button_one_bg_color__hover_enabled=&#8221;off&#8221; button_two_bg_color__hover_enabled=&#8221;off&#8221;][\/et_pb_contact_field][\/et_pb_contact_form][et_pb_social_media_follow _builder_version=&#8221;4.20.0&#8243; _module_preset=&#8221;default&#8221; text_orientation=&#8221;center&#8221; text_orientation_tablet=&#8221;left&#8221; text_orientation_last_edited=&#8221;off|desktop&#8221; border_radii=&#8221;on|100px|100px|100px|100px&#8221; border_width_all=&#8221;1px&#8221; border_color_all=&#8221;#FFFFFF&#8221; locked=&#8221;off&#8221; global_colors_info=&#8221;{}&#8221;][et_pb_social_media_follow_network social_network=&#8221;facebook&#8221; _builder_version=&#8221;4.20.0&#8243; _module_preset=&#8221;default&#8221; custom_padding=&#8221;4px|4px|4px|4px|true|true&#8221; global_colors_info=&#8221;{}&#8221; follow_button=&#8221;off&#8221; url_new_window=&#8221;on&#8221;]facebook[\/et_pb_social_media_follow_network][et_pb_social_media_follow_network social_network=&#8221;twitter&#8221; _builder_version=&#8221;4.20.0&#8243; _module_preset=&#8221;default&#8221; custom_padding=&#8221;4px|4px|4px|4px|true|true&#8221; global_colors_info=&#8221;{}&#8221; follow_button=&#8221;off&#8221; url_new_window=&#8221;on&#8221;]twitter[\/et_pb_social_media_follow_network][et_pb_social_media_follow_network social_network=&#8221;instagram&#8221; _builder_version=&#8221;4.20.0&#8243; _module_preset=&#8221;default&#8221; custom_padding=&#8221;4px|4px|4px|4px|true|true&#8221; global_colors_info=&#8221;{}&#8221; follow_button=&#8221;off&#8221; url_new_window=&#8221;on&#8221;]instagram[\/et_pb_social_media_follow_network][\/et_pb_social_media_follow][\/et_pb_column][\/et_pb_row][et_pb_row column_structure=&#8221;1_3,1_3,1_3&#8243; _builder_version=&#8221;4.20.0&#8243; _module_preset=&#8221;default&#8221; border_color_all=&#8221;gcid-e6f8585f-043d-4f05-ad96-fb05b9e45208&#8243; border_width_top=&#8221;1px&#8221; global_colors_info=&#8221;{%22gcid-e6f8585f-043d-4f05-ad96-fb05b9e45208%22:%91%22border_color_all%22%93}&#8221;][et_pb_column type=&#8221;1_3&#8243; _builder_version=&#8221;4.20.0&#8243; _module_preset=&#8221;default&#8221; global_colors_info=&#8221;{}&#8221;][et_pb_text _builder_version=&#8221;4.20.0&#8243; _module_preset=&#8221;75e1fe7c-fbf8-4c7d-8bfe-0418669e05d8&#8243; header_5_text_color=&#8221;#FFFFFF&#8221; custom_margin=&#8221;||0px||false|false&#8221; text_orientation_tablet=&#8221;center&#8221; text_orientation_phone=&#8221;&#8221; text_orientation_last_edited=&#8221;on|tablet&#8221; global_colors_info=&#8221;{}&#8221;]<\/p>\n<h5>Location<\/h5>\n<p>[\/et_pb_text][et_pb_text _builder_version=&#8221;4.20.0&#8243; _module_preset=&#8221;47174e6e-9235-480c-9069-1c47659c28f6&#8243; link_text_color=&#8221;gcid-e6f8585f-043d-4f05-ad96-fb05b9e45208&#8243; text_orientation_tablet=&#8221;center&#8221; text_orientation_phone=&#8221;&#8221; text_orientation_last_edited=&#8221;on|tablet&#8221; global_colors_info=&#8221;{%22gcid-e6f8585f-043d-4f05-ad96-fb05b9e45208%22:%91%22link_text_color%22%93}&#8221;]<\/p>\n<p>San Francisco, CA<\/p>\n<p>[\/et_pb_text][\/et_pb_column][et_pb_column type=&#8221;1_3&#8243; _builder_version=&#8221;4.20.0&#8243; _module_preset=&#8221;default&#8221; global_colors_info=&#8221;{}&#8221;][et_pb_text _builder_version=&#8221;4.20.0&#8243; _module_preset=&#8221;75e1fe7c-fbf8-4c7d-8bfe-0418669e05d8&#8243; header_5_text_color=&#8221;#FFFFFF&#8221; text_orientation=&#8221;center&#8221; custom_margin=&#8221;||0px||false|false&#8221; global_colors_info=&#8221;{}&#8221;]<\/p>\n<h5>Phone<\/h5>\n<p>[\/et_pb_text][et_pb_text _builder_version=&#8221;4.20.0&#8243; _module_preset=&#8221;47174e6e-9235-480c-9069-1c47659c28f6&#8243; link_text_color=&#8221;gcid-e6f8585f-043d-4f05-ad96-fb05b9e45208&#8243; text_orientation=&#8221;center&#8221; global_colors_info=&#8221;{%22gcid-e6f8585f-043d-4f05-ad96-fb05b9e45208%22:%91%22link_text_color%22%93}&#8221;]<\/p>\n<p>(255) 352-6258<\/p>\n<p>[\/et_pb_text][\/et_pb_column][et_pb_column type=&#8221;1_3&#8243; _builder_version=&#8221;4.20.0&#8243; _module_preset=&#8221;default&#8221; global_colors_info=&#8221;{}&#8221;][et_pb_text _builder_version=&#8221;4.20.0&#8243; _module_preset=&#8221;75e1fe7c-fbf8-4c7d-8bfe-0418669e05d8&#8243; header_5_text_color=&#8221;#FFFFFF&#8221; text_orientation=&#8221;right&#8221; custom_margin=&#8221;||0px||false|false&#8221; text_orientation_tablet=&#8221;center&#8221; text_orientation_phone=&#8221;&#8221; text_orientation_last_edited=&#8221;on|tablet&#8221; global_colors_info=&#8221;{}&#8221;]<\/p>\n<h5>Email<\/h5>\n<p>[\/et_pb_text][et_pb_text _builder_version=&#8221;4.20.0&#8243; _module_preset=&#8221;47174e6e-9235-480c-9069-1c47659c28f6&#8243; link_text_color=&#8221;gcid-e6f8585f-043d-4f05-ad96-fb05b9e45208&#8243; text_orientation=&#8221;right&#8221; text_orientation_tablet=&#8221;center&#8221; text_orientation_phone=&#8221;&#8221; text_orientation_last_edited=&#8221;on|tablet&#8221; global_colors_info=&#8221;{%22gcid-e6f8585f-043d-4f05-ad96-fb05b9e45208%22:%91%22link_text_color%22%93}&#8221;]<a href=\"mailto:#\">hello@diviphotographer.com<\/a>[\/et_pb_text][\/et_pb_column][\/et_pb_row][\/et_pb_section]<\/p>\n","protected":false},"excerpt":{"rendered":"<p>BIOGRAF\u00cdAEDUCACI\u00d3N Y CARRERA DOCENTE Estudi\u00f3 magisterio y de 1965 a 1975 fue maestro de la escuela unitaria de ni\u00f1osde la Eralta. De 1975 a 2005 ejerci\u00f3 de maestro en el C.P. Canales y Mart\u00ednez,desempe\u00f1ando los cargos de subdirector, jefe de departamento de lengua, jefede estudios y director.FACETA COMO PINTOR&#8230; \u2022 Realiz\u00f3 varias exposiciones individuales y [&hellip;]<\/p>\n","protected":false},"author":1,"featured_media":0,"parent":0,"menu_order":0,"comment_status":"closed","ping_status":"closed","template":"","meta":{"_et_pb_use_builder":"on","_et_pb_old_content":"<!-- wp:columns {\"verticalAlignment\":\"center\",\"align\":\"full\"} -->\n<div class=\"wp-block-columns alignfull are-vertically-aligned-center\"><!-- wp:column {\"verticalAlignment\":\"center\",\"width\":\"100%\"} -->\n<div class=\"wp-block-column is-vertically-aligned-center\" style=\"flex-basis:100%\"><!-- wp:quote {\"fontSize\":\"medium\"} -->\n<blockquote class=\"wp-block-quote has-medium-font-size\"><!-- wp:quote -->\n<blockquote class=\"wp-block-quote\"><!-- wp:paragraph -->\n<p>\"La grandeza de un pueblo no est\u00e1 en su riqueza, sino en su educaci\u00f3n. <\/p>\n<!-- \/wp:paragraph -->\n\n<!-- wp:paragraph -->\n<p>La educaci\u00f3n abre ventanas ante horizontes de un mundo mejor. Educar es abrir las puertas  a un mundo de esperanza\" (M. Lucas, 2023)<\/p>\n<!-- \/wp:paragraph --><\/blockquote>\n<!-- \/wp:quote --><\/blockquote>\n<!-- \/wp:quote --><\/div>\n<!-- \/wp:column --><\/div>\n<!-- \/wp:columns -->\n\n<!-- wp:group {\"align\":\"full\",\"style\":{\"spacing\":{\"margin\":{\"top\":\"0\",\"bottom\":\"0\"},\"padding\":{\"top\":\"var:preset|spacing|50\",\"bottom\":\"var:preset|spacing|50\",\"left\":\"var:preset|spacing|50\",\"right\":\"var:preset|spacing|50\"}}},\"backgroundColor\":\"accent\",\"layout\":{\"type\":\"constrained\"}} -->\n<div class=\"wp-block-group alignfull has-accent-background-color has-background\" style=\"margin-top:0;margin-bottom:0;padding-top:var(--wp--preset--spacing--50);padding-right:var(--wp--preset--spacing--50);padding-bottom:var(--wp--preset--spacing--50);padding-left:var(--wp--preset--spacing--50)\"><!-- wp:columns {\"align\":\"wide\",\"style\":{\"spacing\":{\"blockGap\":{\"top\":\"var:preset|spacing|40\",\"left\":\"var:preset|spacing|50\"}}}} -->\n<div class=\"wp-block-columns alignwide\"><!-- wp:column {\"verticalAlignment\":\"stretch\",\"width\":\"50%\"} -->\n<div class=\"wp-block-column is-vertically-aligned-stretch\" style=\"flex-basis:50%\"><!-- wp:group {\"style\":{\"dimensions\":{\"minHeight\":\"100%\"}},\"layout\":{\"type\":\"flex\",\"orientation\":\"vertical\",\"justifyContent\":\"stretch\",\"verticalAlignment\":\"space-between\"}} -->\n<div class=\"wp-block-group\" style=\"min-height:100%\"><!-- wp:paragraph {\"style\":{\"typography\":{\"lineHeight\":\"1.2\"}},\"fontSize\":\"x-large\",\"fontFamily\":\"heading\"} -->\n<p class=\"has-heading-font-family has-x-large-font-size\" style=\"line-height:1.2\">EDUCACI\u00d3N Y CARRERA DOCENTE: <\/p>\n<!-- \/wp:paragraph -->\n\n<!-- wp:list -->\n<ul class=\"wp-block-list\"><!-- wp:list-item -->\n<li>Estudi\u00f3 magisterio y de 1965 a 1975 fue maestro de la escuela unitaria de ni\u00f1os<br>de la Eralta.<\/li>\n<!-- \/wp:list-item -->\n\n<!-- wp:list-item -->\n<li>De 1975 a 2005 ejerci\u00f3 de maestro en el C.P. Canales y Mart\u00ednez,<br>desempe\u00f1ando los cargos de subdirector, jefe de departamento de lengua, jefe<br>de estudios y director.<\/li>\n<!-- \/wp:list-item --><\/ul>\n<!-- \/wp:list -->\n\n<!-- wp:paragraph -->\n<p><\/p>\n<!-- \/wp:paragraph --><\/div>\n<!-- \/wp:group --><\/div>\n<!-- \/wp:column -->\n\n<!-- wp:column {\"verticalAlignment\":\"center\",\"width\":\"50%\"} -->\n<div class=\"wp-block-column is-vertically-aligned-center\" style=\"flex-basis:50%\"><!-- wp:image {\"id\":100,\"aspectRatio\":\"3\/4\",\"scale\":\"cover\",\"sizeSlug\":\"large\",\"linkDestination\":\"none\",\"className\":\"is-style-rounded\"} -->\n<figure class=\"wp-block-image size-large is-style-rounded\"><img src=\"https:\/\/manoletelucas.es\/wp-content\/uploads\/2024\/08\/Papa-Ath-Bilbao-811x1024.jpg\" alt=\"\" class=\"wp-image-100\" style=\"aspect-ratio:3\/4;object-fit:cover\"\/><\/figure>\n<!-- \/wp:image --><\/div>\n<!-- \/wp:column --><\/div>\n<!-- \/wp:columns --><\/div>\n<!-- \/wp:group -->\n\n<!-- wp:group {\"align\":\"full\",\"style\":{\"spacing\":{\"padding\":{\"top\":\"var:preset|spacing|50\",\"bottom\":\"var:preset|spacing|50\",\"left\":\"var:preset|spacing|50\",\"right\":\"var:preset|spacing|50\"},\"margin\":{\"top\":\"0\",\"bottom\":\"0\"}}},\"backgroundColor\":\"base\",\"layout\":{\"type\":\"constrained\"}} -->\n<div class=\"wp-block-group alignfull has-base-background-color has-background\" style=\"margin-top:0;margin-bottom:0;padding-top:var(--wp--preset--spacing--50);padding-right:var(--wp--preset--spacing--50);padding-bottom:var(--wp--preset--spacing--50);padding-left:var(--wp--preset--spacing--50)\"><!-- wp:columns {\"align\":\"wide\",\"style\":{\"spacing\":{\"blockGap\":{\"top\":\"var:preset|spacing|40\",\"left\":\"var:preset|spacing|30\"}}}} -->\n<div class=\"wp-block-columns alignwide\"><!-- wp:column {\"width\":\"40%\",\"layout\":{\"type\":\"constrained\",\"contentSize\":\"260px\",\"justifyContent\":\"left\"}} -->\n<div class=\"wp-block-column\" style=\"flex-basis:40%\"><!-- wp:paragraph -->\n<p><\/p>\n<!-- \/wp:paragraph -->\n\n<!-- wp:image {\"id\":111,\"sizeSlug\":\"full\",\"linkDestination\":\"none\",\"align\":\"wide\"} -->\n<figure class=\"wp-block-image alignwide size-full\"><img src=\"https:\/\/manoletelucas.es\/wp-content\/uploads\/2024\/08\/296534325_1083015739317637_7273732271240316437_n.jpg\" alt=\"\" class=\"wp-image-111\"\/><\/figure>\n<!-- \/wp:image --><\/div>\n<!-- \/wp:column -->\n\n<!-- wp:column {\"width\":\"60%\",\"style\":{\"spacing\":{\"blockGap\":\"var:preset|spacing|40\"}}} -->\n<div class=\"wp-block-column\" style=\"flex-basis:60%\"><!-- wp:paragraph {\"style\":{\"typography\":{\"lineHeight\":\"1.2\"}},\"fontSize\":\"x-large\",\"fontFamily\":\"heading\"} -->\n<p class=\"has-heading-font-family has-x-large-font-size\" style=\"line-height:1.2\">COMO PINTOR...<\/p>\n<!-- \/wp:paragraph -->\n\n<!-- wp:columns {\"style\":{\"spacing\":{\"blockGap\":{\"top\":\"var:preset|spacing|30\",\"left\":\"var:preset|spacing|30\"}}}} -->\n<div class=\"wp-block-columns\"><!-- wp:column -->\n<div class=\"wp-block-column\"><!-- wp:list -->\n<ul class=\"wp-block-list\"><!-- wp:list-item -->\n<li>Realiz\u00f3 varias exposiciones individuales y colectivas.<\/li>\n<!-- \/wp:list-item -->\n\n<!-- wp:list-item -->\n<li>Ilustr\u00f3 varios libros.<\/li>\n<!-- \/wp:list-item -->\n\n<!-- wp:list-item -->\n<li>Cre\u00f3 los carteles de los Moros y Cristianos en cinco ediciones, as\u00ed como el<br>conmemorativo de los XXV a\u00f1os de estas fiestas<\/li>\n<!-- \/wp:list-item --><\/ul>\n<!-- \/wp:list --><\/div>\n<!-- \/wp:column -->\n\n<!-- wp:column -->\n<div class=\"wp-block-column\"><!-- wp:list -->\n<ul class=\"wp-block-list\"><!-- wp:list-item -->\n<li>Dirigi\u00f3 los trabajos art\u00edsticos sobre Almorad\u00ed expuestos en Walsall, Inglaterra, en<br>1982.<\/li>\n<!-- \/wp:list-item -->\n\n<!-- wp:list-item -->\n<li>Autor de la portada de numerosos folletos de tipo pol\u00edtico, festivo, comercial y<br>social.<\/li>\n<!-- \/wp:list-item --><\/ul>\n<!-- \/wp:list --><\/div>\n<!-- \/wp:column --><\/div>\n<!-- \/wp:columns --><\/div>\n<!-- \/wp:column --><\/div>\n<!-- \/wp:columns --><\/div>\n<!-- \/wp:group -->\n\n<!-- wp:group {\"align\":\"full\",\"style\":{\"spacing\":{\"padding\":{\"top\":\"var:preset|spacing|50\",\"bottom\":\"var:preset|spacing|50\",\"left\":\"var:preset|spacing|50\",\"right\":\"var:preset|spacing|50\"},\"margin\":{\"top\":\"0\",\"bottom\":\"0\"}}},\"backgroundColor\":\"accent-5\",\"layout\":{\"type\":\"constrained\"}} -->\n<div class=\"wp-block-group alignfull has-accent-5-background-color has-background\" style=\"margin-top:0;margin-bottom:0;padding-top:var(--wp--preset--spacing--50);padding-right:var(--wp--preset--spacing--50);padding-bottom:var(--wp--preset--spacing--50);padding-left:var(--wp--preset--spacing--50)\"><!-- wp:columns {\"align\":\"wide\",\"style\":{\"spacing\":{\"blockGap\":{\"top\":\"var:preset|spacing|40\",\"left\":\"var:preset|spacing|50\"}}}} -->\n<div class=\"wp-block-columns alignwide\"><!-- wp:column {\"verticalAlignment\":\"center\",\"width\":\"60%\"} -->\n<div class=\"wp-block-column is-vertically-aligned-center\" style=\"flex-basis:60%\"><!-- wp:image {\"id\":112,\"aspectRatio\":\"4\/3\",\"scale\":\"cover\",\"sizeSlug\":\"full\",\"linkDestination\":\"none\",\"className\":\"is-style-rounded\",\"style\":{\"color\":{\"duotone\":\"var:preset|duotone|duotone-1\"}}} -->\n<figure class=\"wp-block-image size-full is-style-rounded\"><img src=\"https:\/\/manoletelucas.es\/wp-content\/uploads\/2024\/08\/Presentacion-Libro-Teatro-de-busqueda-y-encuentro.jpg\" alt=\"\" class=\"wp-image-112\" style=\"aspect-ratio:4\/3;object-fit:cover\"\/><\/figure>\n<!-- \/wp:image --><\/div>\n<!-- \/wp:column -->\n\n<!-- wp:column {\"width\":\"40%\"} -->\n<div class=\"wp-block-column\" style=\"flex-basis:40%\"><!-- wp:heading -->\n<h2 class=\"wp-block-heading\">COMO ESCRITOR<\/h2>\n<!-- \/wp:heading -->\n\n<!-- wp:list -->\n<ul class=\"wp-block-list\"><!-- wp:list-item -->\n<li>Fue corresponsal del diario \u201cInformaci\u00f3n\u201d (1971-72).<\/li>\n<!-- \/wp:list-item -->\n\n<!-- wp:list-item -->\n<li>Escribi\u00f3 el guion dialogado del auto sacramental \u201cEl Mes\u00edas\u201d.<\/li>\n<!-- \/wp:list-item -->\n\n<!-- wp:list-item -->\n<li>Autor de varias obras de teatro.<\/li>\n<!-- \/wp:list-item -->\n\n<!-- wp:list-item -->\n<li>Escribi\u00f3 la novela \u201cLos caminos rotos\u201d (in\u00e9dita), el libro \u201cAlmorad\u00ed, recuerdos de<br>mi pueblo\u201d y el cuento \u201cDenvo y el arco iris\u201d.<\/li>\n<!-- \/wp:list-item -->\n\n<!-- wp:list-item -->\n<li>Escribi\u00f3 en 21 ocasiones la embajada del barril.<br>Publicaciones:<\/li>\n<!-- \/wp:list-item -->\n\n<!-- wp:list-item -->\n<li>Su nombre aparece en diversas publicaciones como \u201cTeatro de b\u00fasqueda y<br>encuentro\u201d de Jesucristo Riquelme y Carlos R. Talam\u00e1s, \u201cAmari\u00f3n\u201d del grupo de<br>teatro \u201cAmari\u00f3n\u201d, \u201cUnas botas para Javier\u201d de Encarnaci\u00f3n P\u00e9rez, entre otras.<br>Actividades Relacionadas con Teatro y M\u00fasica:<\/li>\n<!-- \/wp:list-item -->\n\n<!-- wp:list-item -->\n<li>Durante diez a\u00f1os dirigi\u00f3 al grupo del Prendimiento en \u201cEl Mes\u00edas\u201d.<\/li>\n<!-- \/wp:list-item -->\n\n<!-- wp:list-item -->\n<li>Dirigi\u00f3 al grupo de teatro \u201cTerapia de grupo\u201d.<\/li>\n<!-- \/wp:list-item -->\n\n<!-- wp:list-item -->\n<li>Perteneci\u00f3 al conjunto musical de los 60 \u201cLos Diab\u00f3licos\u201d.<\/li>\n<!-- \/wp:list-item -->\n\n<!-- wp:list-item -->\n<li>Autor del villancico \u201cYa es Navidad\u201d.<\/li>\n<!-- \/wp:list-item -->\n\n<!-- wp:list-item -->\n<li>Escribi\u00f3 la letra del himno del club balonmano con m\u00fasica del maestro Manuel<br>Ruiz.<\/li>\n<!-- \/wp:list-item -->\n\n<!-- wp:list-item -->\n<li>Autor de la letra del himno a Almorad\u00ed con m\u00fasica del maestro Antonio Carrillo,<br>premio nacional de m\u00fasica festera (in\u00e9dito).<\/li>\n<!-- \/wp:list-item -->\n\n<!-- wp:list-item -->\n<li>Escribi\u00f3 la letra del himno a Almorad\u00ed con m\u00fasica de Anto\u00f1ita Alhama,<br>profesora de piano (in\u00e9dito).<\/li>\n<!-- \/wp:list-item --><\/ul>\n<!-- \/wp:list -->\n\n<!-- wp:buttons -->\n<div class=\"wp-block-buttons\"><!-- wp:button -->\n<div class=\"wp-block-button\"><a class=\"wp-block-button__link wp-element-button\"><\/a><\/div>\n<!-- \/wp:button --><\/div>\n<!-- \/wp:buttons --><\/div>\n<!-- \/wp:column --><\/div>\n<!-- \/wp:columns --><\/div>\n<!-- \/wp:group -->\n\n<!-- wp:group {\"align\":\"full\",\"style\":{\"spacing\":{\"padding\":{\"top\":\"var:preset|spacing|50\",\"bottom\":\"var:preset|spacing|50\",\"left\":\"var:preset|spacing|50\",\"right\":\"var:preset|spacing|50\"},\"margin\":{\"top\":\"0\",\"bottom\":\"0\"}}},\"backgroundColor\":\"base\",\"layout\":{\"type\":\"constrained\"}} -->\n<div class=\"wp-block-group alignfull has-base-background-color has-background\" style=\"margin-top:0;margin-bottom:0;padding-top:var(--wp--preset--spacing--50);padding-right:var(--wp--preset--spacing--50);padding-bottom:var(--wp--preset--spacing--50);padding-left:var(--wp--preset--spacing--50)\"><!-- wp:columns {\"align\":\"wide\",\"style\":{\"spacing\":{\"blockGap\":{\"top\":\"var:preset|spacing|40\",\"left\":\"var:preset|spacing|30\"}}}} -->\n<div class=\"wp-block-columns alignwide\"><!-- wp:column {\"width\":\"40%\",\"layout\":{\"type\":\"constrained\",\"contentSize\":\"260px\",\"justifyContent\":\"left\"}} -->\n<div class=\"wp-block-column\" style=\"flex-basis:40%\"><!-- wp:paragraph -->\n<p><\/p>\n<!-- \/wp:paragraph -->\n\n<!-- wp:image {\"id\":115,\"width\":\"515px\",\"height\":\"auto\",\"sizeSlug\":\"full\",\"linkDestination\":\"none\"} -->\n<figure class=\"wp-block-image size-full is-resized\"><img src=\"https:\/\/manoletelucas.es\/wp-content\/uploads\/2024\/08\/Corporacion-municipal-Medalla-al-merito-cultural.jpg\" alt=\"\" class=\"wp-image-115\" style=\"width:515px;height:auto\"\/><\/figure>\n<!-- \/wp:image --><\/div>\n<!-- \/wp:column -->\n\n<!-- wp:column {\"width\":\"60%\",\"style\":{\"spacing\":{\"blockGap\":\"var:preset|spacing|40\"}}} -->\n<div class=\"wp-block-column\" style=\"flex-basis:60%\"><!-- wp:paragraph {\"style\":{\"typography\":{\"lineHeight\":\"1.2\"}},\"fontSize\":\"x-large\",\"fontFamily\":\"heading\"} -->\n<p class=\"has-heading-font-family has-x-large-font-size\" style=\"line-height:1.2\">EN ALMORAD\u00cd... <\/p>\n<!-- \/wp:paragraph -->\n\n<!-- wp:columns {\"style\":{\"spacing\":{\"blockGap\":{\"top\":\"var:preset|spacing|30\",\"left\":\"var:preset|spacing|30\"}}}} -->\n<div class=\"wp-block-columns\"><!-- wp:column -->\n<div class=\"wp-block-column\"><!-- wp:list -->\n<ul class=\"wp-block-list\"><!-- wp:list-item -->\n<li>Construy\u00f3 el bel\u00e9n municipal durante varios a\u00f1os.<\/li>\n<!-- \/wp:list-item -->\n\n<!-- wp:list-item -->\n<li>Construy\u00f3 las carrozas y organiz\u00f3 la cabalgata de Reyes durante varios a\u00f1os.<\/li>\n<!-- \/wp:list-item -->\n\n<!-- wp:list-item -->\n<li>Cre\u00f3 el festival infantil de la canci\u00f3n de la Vega Baja.<\/li>\n<!-- \/wp:list-item -->\n\n<!-- wp:list-item -->\n<li>Particip\u00f3 en los inicios del balonmano y voleibol de Almorad\u00ed.<\/li>\n<!-- \/wp:list-item -->\n\n<!-- wp:list-item -->\n<li>Colaborador de la \u201cI Semana de la Alcachofa\u201d.<\/li>\n<!-- \/wp:list-item -->\n\n<!-- wp:list-item -->\n<li>Realiz\u00f3 las carrozas y dirigi\u00f3 la cabalgata de feria de 1968.<\/li>\n<!-- \/wp:list-item -->\n\n<!-- wp:list-item -->\n<li>Organiz\u00f3 \u201cLas noches de los talentos\u201d a beneficio de C\u00e1ritas.<\/li>\n<!-- \/wp:list-item -->\n\n<!-- wp:list-item -->\n<li>Coautor del eslogan \u201cAlmorad\u00ed se\u00f1or\u00edo de la huerta y joyero de la alcachofa\u201d<br>junto con Don Daniel Miller.<\/li>\n<!-- \/wp:list-item -->\n\n<!-- wp:list-item -->\n<li>Autor de los dibujos del escudo actual de Almorad\u00ed.<\/li>\n<!-- \/wp:list-item -->\n\n<!-- wp:list-item -->\n<li>Dirigi\u00f3 el bel\u00e9n viviente representado por miembros de la tercera edad.<br>Reconocimientos y Membres\u00edas:<\/li>\n<!-- \/wp:list-item -->\n\n<!-- wp:list-item -->\n<li>Pregonero de los Moros y Cristianos de Almorad\u00ed (2000), Tercera Edad (2008),<br>fiestas de San Ferm\u00edn de la Eralta (en dos ocasiones) y Semana Santa (2013).<\/li>\n<!-- \/wp:list-item -->\n\n<!-- wp:list-item -->\n<li>Hermano Mayor de la Cofrad\u00eda del Sant\u00edsimo Cristo de las Campanas (2010).<\/li>\n<!-- \/wp:list-item -->\n\n<!-- wp:list-item -->\n<li><\/li>\n<!-- \/wp:list-item --><\/ul>\n<!-- \/wp:list --><\/div>\n<!-- \/wp:column -->\n\n<!-- wp:column -->\n<div class=\"wp-block-column\"><!-- wp:list -->\n<ul class=\"wp-block-list\"><!-- wp:list-item -->\n<li>Invitado de honor de la Asociaci\u00f3n Cultural Palco de la \u00d3pera (2015).<\/li>\n<!-- \/wp:list-item -->\n\n<!-- wp:list-item -->\n<li>Miembro de la comisi\u00f3n asesora del X aniversario de la rehabilitaci\u00f3n del Teatro<\/li>\n<!-- \/wp:list-item -->\n\n<!-- wp:list-item -->\n<li>Cort\u00e9s.<\/li>\n<!-- \/wp:list-item -->\n\n<!-- wp:list-item -->\n<li>Miembro de la junta directiva de la Sociedad Deportivo Cultural de Almorad\u00ed.<\/li>\n<!-- \/wp:list-item -->\n\n<!-- wp:list-item -->\n<li>Miembro del comit\u00e9 organizador de las tres primeras olimpiadas escolares.<\/li>\n<!-- \/wp:list-item -->\n\n<!-- wp:list-item -->\n<li>Cofundador de las fiestas de San Ferm\u00edn.<\/li>\n<!-- \/wp:list-item -->\n\n<!-- wp:list-item -->\n<li>Distinciones:<\/li>\n<!-- \/wp:list-item -->\n\n<!-- wp:list-item -->\n<li>Insignia de oro de la Hermandad del Sant\u00edsimo Cristo de las Campanas.<\/li>\n<!-- \/wp:list-item -->\n\n<!-- wp:list-item -->\n<li>Insignia de plata (en dos ocasiones) de la Junta Central Festera de Moros y<\/li>\n<!-- \/wp:list-item -->\n\n<!-- wp:list-item -->\n<li>Cristianos de Almorad\u00ed.<\/li>\n<!-- \/wp:list-item -->\n\n<!-- wp:list-item -->\n<li>Insignia de plata del Club Balonmano de Almorad\u00ed.<\/li>\n<!-- \/wp:list-item -->\n\n<!-- wp:list-item -->\n<li>Insignia de oro de la ense\u00f1anza otorgada por los vecinos de la Eralta por suscripci\u00f3n popular.<\/li>\n<!-- \/wp:list-item --><\/ul>\n<!-- \/wp:list --><\/div>\n<!-- \/wp:column --><\/div>\n<!-- \/wp:columns --><\/div>\n<!-- \/wp:column --><\/div>\n<!-- \/wp:columns --><\/div>\n<!-- \/wp:group -->\n\n<!-- wp:group {\"metadata\":{\"name\":\"Team members\"},\"align\":\"full\",\"style\":{\"spacing\":{\"margin\":{\"top\":\"0\",\"bottom\":\"0\"},\"padding\":{\"top\":\"var:preset|spacing|50\",\"bottom\":\"var:preset|spacing|50\",\"left\":\"var:preset|spacing|50\",\"right\":\"var:preset|spacing|50\"}}},\"layout\":{\"type\":\"constrained\"}} -->\n<div class=\"wp-block-group alignfull\" style=\"margin-top:0;margin-bottom:0;padding-top:var(--wp--preset--spacing--50);padding-right:var(--wp--preset--spacing--50);padding-bottom:var(--wp--preset--spacing--50);padding-left:var(--wp--preset--spacing--50)\"><!-- wp:group {\"layout\":{\"type\":\"flex\",\"orientation\":\"vertical\",\"justifyContent\":\"center\"}} -->\n<div class=\"wp-block-group\"><!-- wp:heading {\"textAlign\":\"center\",\"fontSize\":\"xx-large\"} -->\n<h2 class=\"wp-block-heading has-text-align-center has-xx-large-font-size\">Meet our team<\/h2>\n<!-- \/wp:heading -->\n\n<!-- wp:paragraph {\"align\":\"center\"} -->\n<p class=\"has-text-align-center\">Our comprehensive suite of professionals caters to a diverse team, ranging from seasoned architects to renowned engineers.<\/p>\n<!-- \/wp:paragraph --><\/div>\n<!-- \/wp:group -->\n\n<!-- wp:spacer {\"height\":\"var:preset|spacing|30\"} -->\n<div style=\"height:var(--wp--preset--spacing--30)\" aria-hidden=\"true\" class=\"wp-block-spacer\"><\/div>\n<!-- \/wp:spacer -->\n\n<!-- wp:columns {\"align\":\"wide\",\"style\":{\"spacing\":{\"padding\":{\"right\":\"0\",\"left\":\"0\"},\"blockGap\":{\"top\":\"var:preset|spacing|50\",\"left\":\"var:preset|spacing|30\"}}}} -->\n<div class=\"wp-block-columns alignwide\" style=\"padding-right:0;padding-left:0\"><!-- wp:column {\"layout\":{\"type\":\"default\"}} -->\n<div class=\"wp-block-column\"><!-- wp:image {\"aspectRatio\":\"1\",\"scale\":\"cover\",\"sizeSlug\":\"full\",\"linkDestination\":\"none\",\"className\":\"is-style-rounded\"} -->\n<figure class=\"wp-block-image size-full is-style-rounded\"><img alt=\"\" style=\"aspect-ratio:1;object-fit:cover\"\/><\/figure>\n<!-- \/wp:image -->\n\n<!-- wp:group {\"style\":{\"spacing\":{\"blockGap\":\"var:preset|spacing|0\"}},\"layout\":{\"type\":\"flex\",\"orientation\":\"vertical\",\"flexWrap\":\"nowrap\",\"justifyContent\":\"center\"}} -->\n<div class=\"wp-block-group\"><!-- wp:paragraph {\"align\":\"center\",\"fontSize\":\"small\"} -->\n<p class=\"has-text-align-center has-small-font-size\">\n\t\t\t\t\t<strong>Francesca Piovani<\/strong>\n\t\t\t\t<\/p>\n<!-- \/wp:paragraph -->\n\n<!-- wp:paragraph {\"align\":\"center\",\"fontSize\":\"small\"} -->\n<p class=\"has-text-align-center has-small-font-size\">Founder, CEO &amp; Architect<\/p>\n<!-- \/wp:paragraph --><\/div>\n<!-- \/wp:group --><\/div>\n<!-- \/wp:column -->\n\n<!-- wp:column {\"layout\":{\"type\":\"default\"}} -->\n<div class=\"wp-block-column\"><!-- wp:image {\"aspectRatio\":\"1\",\"scale\":\"cover\",\"sizeSlug\":\"full\",\"linkDestination\":\"none\",\"className\":\"is-style-rounded\"} -->\n<figure class=\"wp-block-image size-full is-style-rounded\"><img alt=\"\" style=\"aspect-ratio:1;object-fit:cover\"\/><\/figure>\n<!-- \/wp:image -->\n\n<!-- wp:group {\"style\":{\"spacing\":{\"blockGap\":\"var:preset|spacing|0\"}},\"layout\":{\"type\":\"flex\",\"orientation\":\"vertical\",\"justifyContent\":\"center\",\"flexWrap\":\"nowrap\"}} -->\n<div class=\"wp-block-group\"><!-- wp:paragraph {\"align\":\"center\",\"fontSize\":\"small\"} -->\n<p class=\"has-text-align-center has-small-font-size\">\n\t\t\t\t\t<strong>Rhye Moore<\/strong>\n\t\t\t\t<\/p>\n<!-- \/wp:paragraph -->\n\n<!-- wp:paragraph {\"align\":\"center\",\"fontSize\":\"small\"} -->\n<p class=\"has-text-align-center has-small-font-size\">Engineering Manager<\/p>\n<!-- \/wp:paragraph --><\/div>\n<!-- \/wp:group --><\/div>\n<!-- \/wp:column -->\n\n<!-- wp:column {\"layout\":{\"type\":\"default\"}} -->\n<div class=\"wp-block-column\"><!-- wp:image {\"aspectRatio\":\"1\",\"scale\":\"cover\",\"sizeSlug\":\"full\",\"linkDestination\":\"none\",\"className\":\"is-style-rounded\"} -->\n<figure class=\"wp-block-image size-full is-style-rounded\"><img alt=\"\" style=\"aspect-ratio:1;object-fit:cover\"\/><\/figure>\n<!-- \/wp:image -->\n\n<!-- wp:group {\"style\":{\"spacing\":{\"blockGap\":\"var:preset|spacing|0\"}},\"layout\":{\"type\":\"flex\",\"orientation\":\"vertical\",\"justifyContent\":\"center\",\"flexWrap\":\"nowrap\"}} -->\n<div class=\"wp-block-group\"><!-- wp:paragraph {\"align\":\"center\",\"fontSize\":\"small\"} -->\n<p class=\"has-text-align-center has-small-font-size\">\n\t\t\t\t\t<strong>Helga Steiner<\/strong>\n\t\t\t\t<\/p>\n<!-- \/wp:paragraph -->\n\n<!-- wp:paragraph {\"align\":\"center\",\"fontSize\":\"small\"} -->\n<p class=\"has-text-align-center has-small-font-size\">Architect<\/p>\n<!-- \/wp:paragraph --><\/div>\n<!-- \/wp:group --><\/div>\n<!-- \/wp:column -->\n\n<!-- wp:column {\"layout\":{\"type\":\"default\"}} -->\n<div class=\"wp-block-column\"><!-- wp:image {\"aspectRatio\":\"1\",\"scale\":\"cover\",\"sizeSlug\":\"full\",\"linkDestination\":\"none\",\"className\":\"is-style-rounded\"} -->\n<figure class=\"wp-block-image size-full is-style-rounded\"><img alt=\"\" style=\"aspect-ratio:1;object-fit:cover\"\/><\/figure>\n<!-- \/wp:image -->\n\n<!-- wp:group {\"style\":{\"spacing\":{\"blockGap\":\"var:preset|spacing|0\"}},\"layout\":{\"type\":\"flex\",\"orientation\":\"vertical\",\"flexWrap\":\"nowrap\",\"justifyContent\":\"center\"}} -->\n<div class=\"wp-block-group\"><!-- wp:paragraph {\"align\":\"center\",\"fontSize\":\"small\"} -->\n<p class=\"has-text-align-center has-small-font-size\">\n\t\t\t\t\t<strong>Ivan Lawrence<\/strong>\n\t\t\t\t<\/p>\n<!-- \/wp:paragraph -->\n\n<!-- wp:paragraph {\"align\":\"center\",\"fontSize\":\"small\"} -->\n<p class=\"has-text-align-center has-small-font-size\">Project Manager<\/p>\n<!-- \/wp:paragraph --><\/div>\n<!-- \/wp:group --><\/div>\n<!-- \/wp:column --><\/div>\n<!-- \/wp:columns --><\/div>\n<!-- \/wp:group -->\n\n<!-- wp:group {\"align\":\"full\",\"style\":{\"spacing\":{\"padding\":{\"top\":\"var:preset|spacing|50\",\"bottom\":\"var:preset|spacing|50\",\"left\":\"var:preset|spacing|50\",\"right\":\"var:preset|spacing|50\"},\"margin\":{\"top\":\"0\",\"bottom\":\"0\"}}},\"layout\":{\"type\":\"constrained\"}} -->\n<div class=\"wp-block-group alignfull\" style=\"margin-top:0;margin-bottom:0;padding-top:var(--wp--preset--spacing--50);padding-right:var(--wp--preset--spacing--50);padding-bottom:var(--wp--preset--spacing--50);padding-left:var(--wp--preset--spacing--50)\"><!-- wp:group {\"align\":\"wide\",\"style\":{\"spacing\":{\"padding\":{\"top\":\"var:preset|spacing|50\",\"bottom\":\"var:preset|spacing|50\",\"left\":\"var:preset|spacing|50\",\"right\":\"var:preset|spacing|50\"}},\"border\":{\"radius\":\"16px\"}},\"backgroundColor\":\"base-2\",\"layout\":{\"type\":\"default\"}} -->\n<div class=\"wp-block-group alignwide has-base-2-background-color has-background\" style=\"border-radius:16px;padding-top:var(--wp--preset--spacing--50);padding-right:var(--wp--preset--spacing--50);padding-bottom:var(--wp--preset--spacing--50);padding-left:var(--wp--preset--spacing--50)\"><!-- wp:paragraph {\"align\":\"center\"} -->\n<p class=\"has-text-align-center\">We\u2019ve worked with some of the best companies.<\/p>\n<!-- \/wp:paragraph -->\n\n<!-- wp:spacer {\"height\":\"var:preset|spacing|10\"} -->\n<div style=\"height:var(--wp--preset--spacing--10)\" aria-hidden=\"true\" class=\"wp-block-spacer\"><\/div>\n<!-- \/wp:spacer -->\n\n<!-- wp:group {\"align\":\"wide\",\"style\":{\"spacing\":{\"blockGap\":\"var:preset|spacing|20\",\"padding\":{\"right\":\"0\",\"left\":\"0\",\"top\":\"0\",\"bottom\":\"0\"}}},\"layout\":{\"type\":\"flex\",\"flexWrap\":\"wrap\",\"justifyContent\":\"center\"}} -->\n<div class=\"wp-block-group alignwide\" style=\"padding-top:0;padding-right:0;padding-bottom:0;padding-left:0\"><!-- wp:image {\"width\":\"150px\",\"aspectRatio\":\"4\/3\",\"scale\":\"contain\",\"linkDestination\":\"none\"} -->\n<figure class=\"wp-block-image is-resized\"><img alt=\"\" style=\"aspect-ratio:4\/3;object-fit:contain;width:150px\"\/><\/figure>\n<!-- \/wp:image -->\n\n<!-- wp:image {\"width\":\"150px\",\"aspectRatio\":\"4\/3\",\"scale\":\"contain\",\"linkDestination\":\"none\"} -->\n<figure class=\"wp-block-image is-resized\"><img alt=\"\" style=\"aspect-ratio:4\/3;object-fit:contain;width:150px\"\/><\/figure>\n<!-- \/wp:image -->\n\n<!-- wp:image {\"width\":\"150px\",\"aspectRatio\":\"4\/3\",\"scale\":\"contain\",\"linkDestination\":\"none\"} -->\n<figure class=\"wp-block-image is-resized\"><img alt=\"\" style=\"aspect-ratio:4\/3;object-fit:contain;width:150px\"\/><\/figure>\n<!-- \/wp:image -->\n\n<!-- wp:image {\"width\":\"150px\",\"aspectRatio\":\"4\/3\",\"scale\":\"contain\",\"linkDestination\":\"none\"} -->\n<figure class=\"wp-block-image is-resized\"><img alt=\"\" style=\"aspect-ratio:4\/3;object-fit:contain;width:150px\"\/><\/figure>\n<!-- \/wp:image -->\n\n<!-- wp:image {\"width\":\"150px\",\"aspectRatio\":\"4\/3\",\"scale\":\"contain\",\"linkDestination\":\"none\"} -->\n<figure class=\"wp-block-image is-resized\"><img alt=\"\" style=\"aspect-ratio:4\/3;object-fit:contain;width:150px\"\/><\/figure>\n<!-- \/wp:image --><\/div>\n<!-- \/wp:group --><\/div>\n<!-- \/wp:group --><\/div>\n<!-- \/wp:group -->\n\n<!-- wp:group {\"metadata\":{\"name\":\"FAQs\"},\"align\":\"full\",\"style\":{\"spacing\":{\"padding\":{\"top\":\"var:preset|spacing|50\",\"bottom\":\"var:preset|spacing|50\",\"left\":\"var:preset|spacing|50\",\"right\":\"var:preset|spacing|50\"},\"margin\":{\"top\":\"0\",\"bottom\":\"0\"}},\"elements\":{\"link\":{\"color\":{\"text\":\"var:preset|color|base\"}}}},\"backgroundColor\":\"contrast\",\"textColor\":\"base\",\"layout\":{\"type\":\"constrained\"}} -->\n<div class=\"wp-block-group alignfull has-base-color has-contrast-background-color has-text-color has-background has-link-color\" style=\"margin-top:0;margin-bottom:0;padding-top:var(--wp--preset--spacing--50);padding-right:var(--wp--preset--spacing--50);padding-bottom:var(--wp--preset--spacing--50);padding-left:var(--wp--preset--spacing--50)\"><!-- wp:heading {\"align\":\"wide\",\"style\":{\"elements\":{\"link\":{\"color\":{\"text\":\"var:preset|color|base\"}}},\"typography\":{\"fontSize\":\"10rem\",\"letterSpacing\":\"-0.02em\"}},\"textColor\":\"base\"} -->\n<h2 class=\"wp-block-heading alignwide has-base-color has-text-color has-link-color\" style=\"font-size:10rem;letter-spacing:-0.02em\">FAQs<\/h2>\n<!-- \/wp:heading -->\n\n<!-- wp:group {\"align\":\"wide\",\"layout\":{\"type\":\"default\"}} -->\n<div class=\"wp-block-group alignwide\"><!-- wp:separator {\"className\":\"is-style-wide\",\"style\":{\"spacing\":{\"margin\":{\"top\":\"var:preset|spacing|30\",\"bottom\":\"var:preset|spacing|30\"}}},\"backgroundColor\":\"base\"} -->\n<hr class=\"wp-block-separator has-text-color has-base-color has-alpha-channel-opacity has-base-background-color has-background is-style-wide\" style=\"margin-top:var(--wp--preset--spacing--30);margin-bottom:var(--wp--preset--spacing--30)\"\/>\n<!-- \/wp:separator -->\n\n<!-- wp:heading {\"level\":3,\"align\":\"wide\",\"style\":{\"elements\":{\"link\":{\"color\":{\"text\":\"var:preset|color|base-2\"}}}},\"textColor\":\"base-2\"} -->\n<h3 class=\"wp-block-heading alignwide has-base-2-color has-text-color has-link-color\">What is your process working in smaller projects?<\/h3>\n<!-- \/wp:heading -->\n\n<!-- wp:paragraph {\"placeholder\":\"Type \/ to add a hidden block\",\"style\":{\"elements\":{\"link\":{\"color\":{\"text\":\"var:preset|color|contrast-1\"}}}},\"textColor\":\"contrast-1\"} -->\n<p class=\"has-contrast-1-color has-text-color has-link-color\">\u00c9tudes offers comprehensive consulting, management, design, and research solutions. Our vision is to be at the forefront of architectural innovation, fostering a global community of architects and enthusiasts united by a passion for creating spaces. Every architectural endeavor is an opportunity to shape the future.<\/p>\n<!-- \/wp:paragraph -->\n\n<!-- wp:separator {\"className\":\"is-style-wide\",\"style\":{\"spacing\":{\"margin\":{\"top\":\"var:preset|spacing|30\",\"bottom\":\"var:preset|spacing|30\"}}},\"backgroundColor\":\"base\"} -->\n<hr class=\"wp-block-separator has-text-color has-base-color has-alpha-channel-opacity has-base-background-color has-background is-style-wide\" style=\"margin-top:var(--wp--preset--spacing--30);margin-bottom:var(--wp--preset--spacing--30)\"\/>\n<!-- \/wp:separator -->\n\n<!-- wp:heading {\"level\":3,\"align\":\"wide\",\"style\":{\"elements\":{\"link\":{\"color\":{\"text\":\"var:preset|color|base-2\"}}}},\"textColor\":\"base-2\"} -->\n<h3 class=\"wp-block-heading alignwide has-base-2-color has-text-color has-link-color\">Who is behind \u00c9tudes?<\/h3>\n<!-- \/wp:heading -->\n\n<!-- wp:paragraph {\"placeholder\":\"Type \/ to add a hidden block\",\"style\":{\"elements\":{\"link\":{\"color\":{\"text\":\"var:preset|color|contrast-1\"}}}},\"textColor\":\"contrast-1\"} -->\n<p class=\"has-contrast-1-color has-text-color has-link-color\">\u00c9tudes offers comprehensive consulting, management, design, and research solutions. Our vision is to be at the forefront of architectural innovation, fostering a global community of architects and enthusiasts united by a passion for creating spaces. Every architectural endeavor is an opportunity to shape the future.<\/p>\n<!-- \/wp:paragraph -->\n\n<!-- wp:separator {\"className\":\"is-style-wide\",\"style\":{\"spacing\":{\"margin\":{\"top\":\"var:preset|spacing|30\",\"bottom\":\"var:preset|spacing|30\"}}},\"backgroundColor\":\"base\"} -->\n<hr class=\"wp-block-separator has-text-color has-base-color has-alpha-channel-opacity has-base-background-color has-background is-style-wide\" style=\"margin-top:var(--wp--preset--spacing--30);margin-bottom:var(--wp--preset--spacing--30)\"\/>\n<!-- \/wp:separator -->\n\n<!-- wp:heading {\"level\":3,\"align\":\"wide\",\"style\":{\"elements\":{\"link\":{\"color\":{\"text\":\"var:preset|color|base-2\"}}}},\"textColor\":\"base-2\"} -->\n<h3 class=\"wp-block-heading alignwide has-base-2-color has-text-color has-link-color\">I'd like to get to meet fellow architects, how can I do that?<\/h3>\n<!-- \/wp:heading -->\n\n<!-- wp:paragraph {\"placeholder\":\"Type \/ to add a hidden block\",\"style\":{\"elements\":{\"link\":{\"color\":{\"text\":\"var:preset|color|contrast-1\"}}}},\"textColor\":\"contrast-1\"} -->\n<p class=\"has-contrast-1-color has-text-color has-link-color\">\u00c9tudes offers comprehensive consulting, management, design, and research solutions. Our vision is to be at the forefront of architectural innovation, fostering a global community of architects and enthusiasts united by a passion for creating spaces. Every architectural endeavor is an opportunity to shape the future.<\/p>\n<!-- \/wp:paragraph -->\n\n<!-- wp:separator {\"className\":\"is-style-wide\",\"style\":{\"spacing\":{\"margin\":{\"top\":\"var:preset|spacing|30\",\"bottom\":\"var:preset|spacing|30\"}}},\"backgroundColor\":\"base\"} -->\n<hr class=\"wp-block-separator has-text-color has-base-color has-alpha-channel-opacity has-base-background-color has-background is-style-wide\" style=\"margin-top:var(--wp--preset--spacing--30);margin-bottom:var(--wp--preset--spacing--30)\"\/>\n<!-- \/wp:separator -->\n\n<!-- wp:heading {\"level\":3,\"align\":\"wide\",\"style\":{\"elements\":{\"link\":{\"color\":{\"text\":\"var:preset|color|base-2\"}}}},\"textColor\":\"base-2\"} -->\n<h3 class=\"wp-block-heading alignwide has-base-2-color has-text-color has-link-color\">Can I apply to be a part of the team or work as a contractor?<\/h3>\n<!-- \/wp:heading -->\n\n<!-- wp:paragraph {\"placeholder\":\"Type \/ to add a hidden block\",\"style\":{\"elements\":{\"link\":{\"color\":{\"text\":\"var:preset|color|contrast-1\"}}}},\"textColor\":\"contrast-1\"} -->\n<p class=\"has-contrast-1-color has-text-color has-link-color\">\u00c9tudes offers comprehensive consulting, management, design, and research solutions. Our vision is to be at the forefront of architectural innovation, fostering a global community of architects and enthusiasts united by a passion for creating spaces. Every architectural endeavor is an opportunity to shape the future.<\/p>\n<!-- \/wp:paragraph -->\n\n<!-- wp:spacer {\"height\":\"var:preset|spacing|10\",\"style\":{\"spacing\":{\"margin\":{\"top\":\"var:preset|spacing|10\",\"bottom\":\"0\"}}}} -->\n<div style=\"margin-top:var(--wp--preset--spacing--10);margin-bottom:0;height:var(--wp--preset--spacing--10)\" aria-hidden=\"true\" class=\"wp-block-spacer\"><\/div>\n<!-- \/wp:spacer --><\/div>\n<!-- \/wp:group --><\/div>\n<!-- \/wp:group -->\n\n<!-- wp:group {\"align\":\"full\",\"style\":{\"spacing\":{\"padding\":{\"top\":\"var:preset|spacing|50\",\"bottom\":\"var:preset|spacing|50\",\"left\":\"var:preset|spacing|50\",\"right\":\"var:preset|spacing|50\"},\"margin\":{\"top\":\"0\",\"bottom\":\"0\"}}},\"layout\":{\"type\":\"constrained\"}} -->\n<div class=\"wp-block-group alignfull\" style=\"margin-top:0;margin-bottom:0;padding-top:var(--wp--preset--spacing--50);padding-right:var(--wp--preset--spacing--50);padding-bottom:var(--wp--preset--spacing--50);padding-left:var(--wp--preset--spacing--50)\"><!-- wp:columns {\"verticalAlignment\":\"center\",\"align\":\"wide\",\"style\":{\"spacing\":{\"blockGap\":{\"top\":\"var:preset|spacing|50\",\"left\":\"var:preset|spacing|50\"}}}} -->\n<div class=\"wp-block-columns alignwide are-vertically-aligned-center\"><!-- wp:column {\"verticalAlignment\":\"center\",\"width\":\"50%\"} -->\n<div class=\"wp-block-column is-vertically-aligned-center\" style=\"flex-basis:50%\"><!-- wp:heading -->\n<h2 class=\"wp-block-heading\">Enhance your architectural journey with the \u00c9tudes Architect app.<\/h2>\n<!-- \/wp:heading -->\n\n<!-- wp:list {\"className\":\"is-style-checkmark-list\",\"style\":{\"typography\":{\"lineHeight\":\"1.75\"}}} -->\n<ul style=\"line-height:1.75\" class=\"wp-block-list is-style-checkmark-list\"><!-- wp:list-item -->\n<li>Collaborate with fellow architects.<\/li>\n<!-- \/wp:list-item -->\n\n<!-- wp:list-item -->\n<li>Showcase your projects.<\/li>\n<!-- \/wp:list-item -->\n\n<!-- wp:list-item -->\n<li>Experience the world of architecture.<\/li>\n<!-- \/wp:list-item --><\/ul>\n<!-- \/wp:list -->\n\n<!-- wp:buttons -->\n<div class=\"wp-block-buttons\"><!-- wp:button -->\n<div class=\"wp-block-button\"><a class=\"wp-block-button__link wp-element-button\">Download app<\/a><\/div>\n<!-- \/wp:button -->\n\n<!-- wp:button {\"className\":\"is-style-outline\"} -->\n<div class=\"wp-block-button is-style-outline\"><a class=\"wp-block-button__link wp-element-button\">How it works<\/a><\/div>\n<!-- \/wp:button --><\/div>\n<!-- \/wp:buttons --><\/div>\n<!-- \/wp:column -->\n\n<!-- wp:column {\"verticalAlignment\":\"center\",\"width\":\"50%\"} -->\n<div class=\"wp-block-column is-vertically-aligned-center\" style=\"flex-basis:50%\"><!-- wp:image {\"aspectRatio\":\"4\/3\",\"scale\":\"cover\",\"sizeSlug\":\"full\",\"linkDestination\":\"none\",\"className\":\"is-style-rounded\"} -->\n<figure class=\"wp-block-image size-full is-style-rounded\"><img src=\"https:\/\/manoletelucas.es\/wp-content\/themes\/twentytwentyfour\/assets\/images\/abstract-geometric-art.webp\" alt=\"White abstract geometric artwork from Dresden, Germany\" style=\"aspect-ratio:4\/3;object-fit:cover\"\/><\/figure>\n<!-- \/wp:image --><\/div>\n<!-- \/wp:column --><\/div>\n<!-- \/wp:columns --><\/div>\n<!-- \/wp:group -->","_et_gb_content_width":"","footnotes":""},"class_list":["post-99","page","type-page","status-publish","hentry"],"_links":{"self":[{"href":"https:\/\/manoletelucas.es\/index.php\/wp-json\/wp\/v2\/pages\/99"}],"collection":[{"href":"https:\/\/manoletelucas.es\/index.php\/wp-json\/wp\/v2\/pages"}],"about":[{"href":"https:\/\/manoletelucas.es\/index.php\/wp-json\/wp\/v2\/types\/page"}],"author":[{"embeddable":true,"href":"https:\/\/manoletelucas.es\/index.php\/wp-json\/wp\/v2\/users\/1"}],"replies":[{"embeddable":true,"href":"https:\/\/manoletelucas.es\/index.php\/wp-json\/wp\/v2\/comments?post=99"}],"version-history":[{"count":17,"href":"https:\/\/manoletelucas.es\/index.php\/wp-json\/wp\/v2\/pages\/99\/revisions"}],"predecessor-version":[{"id":264,"href":"https:\/\/manoletelucas.es\/index.php\/wp-json\/wp\/v2\/pages\/99\/revisions\/264"}],"wp:attachment":[{"href":"https:\/\/manoletelucas.es\/index.php\/wp-json\/wp\/v2\/media?parent=99"}],"curies":[{"name":"wp","href":"https:\/\/api.w.org\/{rel}","templated":true}]}}